{"id":45,"date":"2011-12-28T18:35:17","date_gmt":"2011-12-28T18:35:17","guid":{"rendered":"http:\/\/friebl.de\/WP\/wordpress2\/?page_id=45"},"modified":"2020-08-04T22:51:53","modified_gmt":"2020-08-04T21:51:53","slug":"impressum","status":"publish","type":"page","link":"https:\/\/friebl.de\/WP\/wordpress2\/impressum\/","title":{"rendered":"Impressum"},"content":{"rendered":"<div onselectstart=\"return false;\" unselectable=\"on;\" style=\"-moz-user-select: none;\">\n<p><\/p>\n\n\n<h1><span style=\"color: #000000;\">Impressum &amp; Datenschutz <\/span><\/h1>\n<h2><span style=\"color: #000000;\">Angaben gem\u00e4\u00df \u00a7 5 TMG und <strong>\u00a7 55 RStV<\/strong>:<\/span><\/h2>\n<p><img loading=\"lazy\" decoding=\"async\" class=\"wp-image-2045 size-medium alignnone\" title=\"Impressum\" src=\"https:\/\/friebl.de\/WP\/wordpress2\/wp-content\/uploads\/2020\/08\/Dis-300x228.jpg\" alt=\"Anschrift\" width=\"300\" height=\"228\" srcset=\"https:\/\/friebl.de\/WP\/wordpress2\/wp-content\/uploads\/2020\/08\/Dis-300x228.jpg 300w, https:\/\/friebl.de\/WP\/wordpress2\/wp-content\/uploads\/2020\/08\/Dis-768x583.jpg 768w, https:\/\/friebl.de\/WP\/wordpress2\/wp-content\/uploads\/2020\/08\/Dis-395x300.jpg 395w, https:\/\/friebl.de\/WP\/wordpress2\/wp-content\/uploads\/2020\/08\/Dis.jpg 892w\" sizes=\"auto, (max-width: 300px) 100vw, 300px\" \/><\/p>\n<h4 style=\"text-align: left;\">\u00a0\u00a0\u00a0\u00a0\u00a0\u00a0\u00a0 Therapeutische Seelsorgerin (TS-Institut, Neuendettelsau)<\/h4>\n<h4 style=\"padding-left: 30px;\">\u00a0Gordon Familientrainerin<\/h4>\n<h4 style=\"padding-left: 30px;\">\u00a0Psychotherapeutin nach dem Heilpraktikergesetz<\/h4>\n<h4 style=\"padding-left: 30px;\">\u00a0Traumatherapie<\/h4>\n<h4 style=\"padding-left: 30px;\">\u00a0Aufsichtsbeh\u00f6rde: Stadt N\u00fcrnberg, Gesundheitsamt<\/h4>\n<h2>\u00a0<\/h2>\n<h2>\u00a0<\/h2>\n<h2><strong>Vertretungsberechtigter, Autor und Verantwortlicher <\/strong><\/h2>\n<h2><strong>f\u00fcr den Inhalt dieser Website<span style=\"color: #000000;\"> gem\u00e4\u00df <span style=\"font-size: small;\">\u00a7 10 MDStV<\/span><\/span><\/strong><\/h2>\n<p style=\"padding-left: 30px;\"><img loading=\"lazy\" decoding=\"async\" class=\"alignnone wp-image-156 size-full\" title=\"Impressum\" src=\"https:\/\/friebl.de\/WP\/wordpress2\/wp-content\/uploads\/2012\/01\/Adresse-jf.jpg\" alt=\"\" width=\"290\" height=\"180\" \/><\/p>\n<h2><strong>Haftungsausschluss f\u00fcr Inhalte dieser Website<\/strong><\/h2>\n<p><strong>friebl.de <\/strong>und ff. ist eine unabh\u00e4ngige Website. Der Autor\/ die Betreiberin \u00fcbernimmt keinerlei Gew\u00e4hr f\u00fcr die Qualit\u00e4t der bereitgestellten Informationen. Haftungsanspr\u00fcche gegen den Autor, welche sich auf Sch\u00e4den materieller oder ideeller Art beziehen, die durch die Nutzung oder Nichtnutzung der dargebotenen Informationen bzw. durch die Nutzung fehlerhafter und unvollst\u00e4ndiger Informationen verursacht wurden, sind grunds\u00e4tzlich ausgeschlossen, sofern seitens des Autors kein nachweislich vors\u00e4tzliches oder grob fahrl\u00e4ssiges Verschulden vorliegt. Alle Angebote sind freibleibend und unverbindlich. Der Autor beh\u00e4lt es sich ausdr\u00fccklich vor, die Daten ohne gesonderte Ank\u00fcndigung zu \u00e4ndern, zu l\u00f6schen oder die Ver\u00f6ffentlichung einzustellen.<\/p>\n<h2><strong>Verweise, Links, Beitr\u00e4ge Dritter<\/strong><\/h2>\n<p>Auf dieser Website sind Links zu anderen Seiten im Internet gelegt. F\u00fcr all diese Links gilt: Der Autor\/ die Betreiberin hat keinerlei Einfluss auf die Gestaltung und die Inhalte der gelinkten Seiten. Zum Zeitpunkt der Verlinkung wurden die Seiten \u00fcberpr\u00fcft und auf keiner der hier verlinkten Seiten war ein ungesetzlicher Inhalt erkennbar. Der Autor macht sich Inhalte verlinkter Seiten nicht zu Eigen und distanziert sich ausdr\u00fccklich gegen inkorrekte Inhalte.<\/p>\n<p>Gleiches gilt f\u00fcr Links in s\u00e4mtlichen E-Mails und Bannern und Text-Links. Sollten Sie von strafbaren Inhalten auf einer der hier verlinkten Seiten Kenntnis erlangen, teilen Sie mir dies bitte umgehend mit, damit ich dies \u00fcberpr\u00fcfen und den Link ggf. entfernen kann. Der Autor ist bem\u00fcht, Fremdbeitr\u00e4ge in den daf\u00fcr bereitgestellten Angeboten auf m\u00f6gliche Verst\u00f6\u00dfe gegen geltendes Recht zu \u00fcberpr\u00fcfen.<\/p>\n<p>Sofern fremde Autoren als Dienstanbieter auftreten, wird eine Haftung f\u00fcr diese Fremdbeitr\u00e4ge ausdr\u00fccklich ausgeschlossen. F\u00fcr Fremdbeitr\u00e4ge sind ausschlie\u00dflich die jeweiligen Urheber verantwortlich. Sollten Sie \u00fcber m\u00f6glicherweise strafbare oder rechtswidrige Fremdbeitr\u00e4ge auf meiner Site Kenntnis erlangen, teilen Sie mir dies bitte mit, damit ich den Fall \u00fcberpr\u00fcfen und die bezeichneten Beitr\u00e4ge \u2013 sofern erforderlich \u2013 l\u00f6schen kann.<\/p>\n<h2><strong>Urheber-, Marken- und Kennzeichenrecht<\/strong><\/h2>\n<p>Der Autor ist bestrebt, in allen Publikationen die Urheberrechte der verwendeten Bilder, Grafiken, Tondokumente, Videosequenzen und Texte zu beachten, haupts\u00e4chlich von ihm selbst erstellte Bilder, Grafiken, Tondokumente, Video-sequenzen und Texte zu nutzen oder auf lizenzfreie Grafiken, Tondokumente, Videosequenzen und Texte zur\u00fcckzugreifen. Alle innerhalb des Internetangebotes genannten und ggf. durch Dritte gesch\u00fctzten Marken- und Warenzeichen unterliegen uneingeschr\u00e4nkt den Bestimmungen des jeweils g\u00fcltigen Kennzeichen-rechts und den Besitzrechten der jeweiligen eingetragenen Eigent\u00fcmer. Allein aufgrund der blo\u00dfen Nennung ist nicht der Schluss zu ziehen, dass Markenzeichen nicht durch Rechte Dritter gesch\u00fctzt sind! Das Copyright f\u00fcr ver\u00f6ffentlichte, vom jeweiligen Autor selbst erstellte Objekte bleibt allein beim Autor der Seiten. Eine Vervielf\u00e4ltigung oder Verwendung solcher Grafiken, Tondokumente, Videosequenzen und Texte in anderen elektronischen oder gedruckten Publikationen ist ohne ausdr\u00fcckliche Zustimmung des Autors nicht gestattet.<\/p>\n<h2><strong>Datenschutz<\/strong><\/h2>\n<p class=\"title style-scope ytd-video-primary-info-renderer\">Der Autor\/ die Betreiberin h\u00e4lt sich strikt an die neue EU-Datenschutz-Grundverordnung. Sofern innerhalb des Internetangebotes die M\u00f6glichkeit zur Eingabe pers\u00f6nlicher oder gesch\u00e4ftlicher Daten (Emailadressen, Namen, Anschriften etc.) besteht, so erfolgt die Preisgabe dieser Daten seitens des Nutzers auf ausdr\u00fccklich freiwilliger Basis. Ich weise darauf hin, dass diese Daten und Anfragen auch ausserhalb Europas gespeichert und\/oder verlinkt sein k\u00f6nnen; z.B. wird Google Analytics genutzt. Die Nutzung unserer im Rahmen der Impressumspflicht oder vergleichbarer Angaben ver\u00f6ffentlichten Kontaktdaten wie Postanschriften, Telefon- und Faxnummern sowie Emailadressen durch Dritte zur \u00dcbersendung von nicht ausdr\u00fccklich angeforderten Informationensmaterialien und Werbung ist nicht gestattet und wird hiermit ausdr\u00fccklich widersprochen. Rechtliche Schritte bei Zuwiderhandlungn gegen dieses Verbot sind ausdr\u00fccklich vorbehalten.<\/p>\n<h2><strong>Keine Abmahnungen ohne vorherige Kontaktaufnahme<\/strong><\/h2>\n<p>Sollte der Inhalt oder die Aufmachung dieser Seite fremde Rechte Dritter oder gesetzliche Bestimmungen verletzen, so erbitte ich eine entsprechende Nachricht ohne Kostennote. Ich k\u00fcmmere mich darum, dass die zu Recht beanstandeten Inhalte unverz\u00fcglich entfernt werden, deshalb ist von Ihrer Seite die Einschaltung eines Rechtsbeistandes nicht erforderlich. Dennoch von Ihnen, ohne vorherige Kontaktaufnahme, ausgel\u00f6ste Kosten werde ich zur\u00fcckweisen und dagegen klagen.<\/p>\n<h2><strong>Werbung<\/strong><\/h2>\n<p>Auf dieser Website werden m\u00f6glicherweise Werbeanzeigen geschaltet. Diese Anzeigen verwenden so genannte Cookies. Diese k\u00f6nnen von den jeweiligen Anbietern ausgelesen werden und dienen in erster Linie daf\u00fcr, die jeweiligen Services zu verbessern.<\/p>\n<h2><strong>Nutzung und Weitergabe personenbezogener Daten<\/strong><\/h2>\n<p>Soweit Sie mir personenbezogene Daten zur Verf\u00fcgung gestellt haben, verwende ich\u00a0diese nur zur Beantwortung Ihrer Anfragen, zur Abwicklung mit Ihnen geschlossener Vertr\u00e4ge und f\u00fcr die technische Administration. Diese Daten werden nicht an Dritte\u00a0verkauft oder weitergegeben und auch nicht f\u00fcr Werbesendungen benutzt.<\/p>\n<p>Ihre personenbezogenen Daten werden an Dritte nur weitergegeben oder sonst \u00fcbermittelt, wenn dies zum Zwecke einer Vertragsabwicklung \u2013 insbesondere Weitergabe von Bestelldaten an Lieferanten \u2013 erforderlich ist, dies zu Abrechnungszwecken\u00a0erforderlich ist oder Sie zuvor eingewilligt haben. Sie haben das Recht, eine erteilte\u00a0Einwilligung mit Wirkung f\u00fcr die Zukunft jederzeit zu widerrufen.<\/p>\n<p>Die L\u00f6schung der gespeicherten personenbezogenen Daten erfolgt, wenn Sie Ihre Einwilligung zur Speicherung widerrufen, wenn ihre Kenntnis zur Erf\u00fcllung des mit der Speicherung verfolgten Zwecks nicht mehr erforderlich ist oder wenn die Speicherung aus sonstigen gesetzlichen Gr\u00fcnden unzul\u00e4ssig ist.<\/p>\n<p><strong>Erhebung und Verarbeitung von Daten<\/strong><\/p>\n<p><strong>Automatisch gesammelte Informationen<\/strong><\/p>\n<p>Die Nutzung dieser Website ist m\u00f6glich, ohne dass Sie irgendwelche Angaben zu Ihrer Person machen m\u00fcssen.<\/p>\n<p>Durch den Zugriff auf meine Website, werden aber automatisch allgemeine Informationen gesammelt, die nicht personenbezogen sind.\u00a0 Kurzum, jeder Zugriff auf meine Website und jeder Abruf einer auf meiner Website hinterlegten Datei wird somit protokolliert. Die Speicherung dient ausschlie\u00dflich internen systembezogenen und statistischen Zwecken. Speicherung:<\/p>\n<h4 style=\"padding-left: 30px;\">&#8211; Name der abgerufenen Datei<\/h4>\n<h4 style=\"padding-left: 30px;\">&#8211; Datum und Uhrzeit des Abrufs<\/h4>\n<h4 style=\"padding-left: 30px;\">&#8211; \u00fcbertragene Datenmenge<\/h4>\n<h4 style=\"padding-left: 30px;\">&#8211; Meldung \u00fcber erfolgreichen Abruf<\/h4>\n<h4 style=\"padding-left: 30px;\">&#8211; Browser Typ\/Version<\/h4>\n<h4 style=\"padding-left: 30px;\">&#8211; Betriebssystem<\/h4>\n<h4 style=\"padding-left: 30px;\">&#8211; verwendeter Internet-Browser<\/h4>\n<h4 style=\"padding-left: 30px;\">&#8211; Referrer (URL der Seite, von der Sie zu mir gelangt sind)<\/h4>\n<h4 style=\"padding-left: 30px;\">&#8211; IP Adressen der anfragenden Rechner<\/h4>\n<h4 style=\"padding-left: 30px;\">&#8211; Anzahl der Besuche<\/h4>\n<h4 style=\"padding-left: 30px;\">&#8211; durchschnittliche Verweilzeit<\/h4>\n<h4 style=\"padding-left: 30px;\">&#8211; aufgerufene Seiten<\/h4>\n<p>Diese Informationen werden verwendet, um die Attraktivit\u00e4t, Inhalt und Funktionalit\u00e4t der Website zu verbessern. Eine weitere Nutzung oder Weitergabe Ihrer Daten erfolgt nicht.<\/p>\n<p>Weitergehende personenbezogene Daten sind jedenfalls freiwillig, wenn Sie diese Angaben etwa im Rahmen einer Anfrage machen.<\/p>\n<h2><strong>Auskunftsrecht und Recht auf L\u00f6schung der Daten (DS GVO)<br \/><\/strong><\/h2>\n<p>Auf schriftliche Anfrage kann ich Sie \u00fcber die zu Ihrer Person gespeicherten Daten informieren und diese gegebenenfalls l\u00f6schen. Dies umfasst nicht die Daten, die ich aufgrund administrativer, rechtlicher oder sicherheitsrelevanter Notwendigkeiten aufbewahren muss.<\/p>\n<h2><strong>Sicherheitshinweis<\/strong><\/h2>\n<p>Ein vollumf\u00e4nglicher Schutz Ihrer personenbezogenen Daten vor dem Zugriff durch Dritte ist nicht m\u00f6glich. Auf jeden Fall bin ich bem\u00fcht, Daten so zu speichern, dass sie f\u00fcr Dritte nicht zug\u00e4nglich sind. Auch bei der Kommunikation per Kontaktseite kann die vollst\u00e4ndige Datensicherheit genau so wenig gew\u00e4hrleistet werden, so dass ich Ihnen bei wirklich vertraulichen Informationen beispielsweise den Postweg empfehle.<\/p>\n<h2><strong>Rechtswirksamkeit und Salvatorische Klausel<\/strong><\/h2>\n<p>Mit dem Besuch unserer Website erkennen Sie meinen Haftungsausschluss an. Dieser Haftungsausschluss ist als Teil dieses Internetauftritts zu betrachten. SolltenTeile dieses Auftritts der geltenden Rechtslage nicht oder nicht mehr entsprechen, bleiben die \u00fcbrigen Teile des Dokumentes davon unber\u00fchrt.<\/p>\n<p>Gerichtsbarkeit \/ Gerichtsstand Amtsgericht N\u00fcrnberg (Bayern \/ Deutschland)<\/p><\/div>","protected":false},"excerpt":{"rendered":"<p>Therapeutische Seelsorge &#8211; Praxis &#8211; Carola Friebl<\/p>\n","protected":false},"author":1,"featured_media":291,"parent":0,"menu_order":0,"comment_status":"closed","ping_status":"closed","template":"","meta":{"_aioseo_title":"Impressum - Joachim Friebl, N\u00fcrnberg","_aioseo_description":"Therapeutische Seelsorge - Praxis - Carola Friebl","footnotes":""},"class_list":["post-45","page","type-page","status-publish","has-post-thumbnail"],"yoast_head":"<!-- This site is optimized with the Yoast SEO plugin v27.5 - https:\/\/yoast.com\/product\/yoast-seo-wordpress\/ -->\n<title>Impressum - Therapeutische Seelsorge Carola Friebl<\/title>\n<meta name=\"description\" content=\"Impressum &amp; Datenschutz Angaben gem\u00e4\u00df \u00a7 5 TMG und \u00a7 55 RStV:\" \/>\n<meta name=\"robots\" content=\"index, follow, max-snippet:-1, max-image-preview:large, max-video-preview:-1\" \/>\n<link rel=\"canonical\" href=\"https:\/\/friebl.de\/WP\/wordpress2\/impressum\/\" \/>\n<meta property=\"og:locale\" content=\"de_DE\" \/>\n<meta property=\"og:type\" content=\"article\" \/>\n<meta property=\"og:title\" content=\"Impressum - Therapeutische Seelsorge Carola Friebl\" \/>\n<meta property=\"og:description\" content=\"Impressum &amp; Datenschutz Angaben gem\u00e4\u00df \u00a7 5 TMG und \u00a7 55 RStV:\" \/>\n<meta property=\"og:url\" content=\"https:\/\/friebl.de\/WP\/wordpress2\/impressum\/\" \/>\n<meta property=\"og:site_name\" content=\"Therapeutische Seelsorge Carola Friebl\" \/>\n<meta property=\"article:modified_time\" content=\"2020-08-04T21:51:53+00:00\" \/>\n<meta property=\"og:image\" content=\"https:\/\/friebl.de\/WP\/wordpress2\/wp-content\/uploads\/2012\/01\/Logo-Praxis4.jpg\" \/>\n\t<meta property=\"og:image:width\" content=\"1042\" \/>\n\t<meta property=\"og:image:height\" content=\"300\" \/>\n\t<meta property=\"og:image:type\" content=\"image\/jpeg\" \/>\n<meta name=\"twitter:label1\" content=\"Gesch\u00e4tzte Lesezeit\" \/>\n\t<meta name=\"twitter:data1\" content=\"6\u00a0Minuten\" \/>\n<script type=\"application\/ld+json\" class=\"yoast-schema-graph\">{\"@context\":\"https:\\\/\\\/schema.org\",\"@graph\":[{\"@type\":\"WebPage\",\"@id\":\"https:\\\/\\\/friebl.de\\\/WP\\\/wordpress2\\\/impressum\\\/\",\"url\":\"https:\\\/\\\/friebl.de\\\/WP\\\/wordpress2\\\/impressum\\\/\",\"name\":\"Impressum - Therapeutische Seelsorge Carola Friebl\",\"isPartOf\":{\"@id\":\"https:\\\/\\\/friebl.de\\\/WP\\\/wordpress2\\\/#website\"},\"primaryImageOfPage\":{\"@id\":\"https:\\\/\\\/friebl.de\\\/WP\\\/wordpress2\\\/impressum\\\/#primaryimage\"},\"image\":{\"@id\":\"https:\\\/\\\/friebl.de\\\/WP\\\/wordpress2\\\/impressum\\\/#primaryimage\"},\"thumbnailUrl\":\"https:\\\/\\\/friebl.de\\\/WP\\\/wordpress2\\\/wp-content\\\/uploads\\\/2012\\\/01\\\/Logo-Praxis4.jpg\",\"datePublished\":\"2011-12-28T18:35:17+00:00\",\"dateModified\":\"2020-08-04T21:51:53+00:00\",\"description\":\"Impressum & Datenschutz Angaben gem\u00e4\u00df \u00a7 5 TMG und \u00a7 55 RStV:\",\"breadcrumb\":{\"@id\":\"https:\\\/\\\/friebl.de\\\/WP\\\/wordpress2\\\/impressum\\\/#breadcrumb\"},\"inLanguage\":\"de\",\"potentialAction\":[{\"@type\":\"ReadAction\",\"target\":[\"https:\\\/\\\/friebl.de\\\/WP\\\/wordpress2\\\/impressum\\\/\"]}]},{\"@type\":\"ImageObject\",\"inLanguage\":\"de\",\"@id\":\"https:\\\/\\\/friebl.de\\\/WP\\\/wordpress2\\\/impressum\\\/#primaryimage\",\"url\":\"https:\\\/\\\/friebl.de\\\/WP\\\/wordpress2\\\/wp-content\\\/uploads\\\/2012\\\/01\\\/Logo-Praxis4.jpg\",\"contentUrl\":\"https:\\\/\\\/friebl.de\\\/WP\\\/wordpress2\\\/wp-content\\\/uploads\\\/2012\\\/01\\\/Logo-Praxis4.jpg\",\"width\":\"1042\",\"height\":\"300\"},{\"@type\":\"BreadcrumbList\",\"@id\":\"https:\\\/\\\/friebl.de\\\/WP\\\/wordpress2\\\/impressum\\\/#breadcrumb\",\"itemListElement\":[{\"@type\":\"ListItem\",\"position\":1,\"name\":\"Home\",\"item\":\"https:\\\/\\\/friebl.de\\\/WP\\\/wordpress2\\\/\"},{\"@type\":\"ListItem\",\"position\":2,\"name\":\"Impressum\"}]},{\"@type\":\"WebSite\",\"@id\":\"https:\\\/\\\/friebl.de\\\/WP\\\/wordpress2\\\/#website\",\"url\":\"https:\\\/\\\/friebl.de\\\/WP\\\/wordpress2\\\/\",\"name\":\"Therapeutische Seelsorge Carola Friebl\",\"description\":\"Psychotherapeutische Privatpraxis nach dem Heilpraktikergesetz\",\"potentialAction\":[{\"@type\":\"SearchAction\",\"target\":{\"@type\":\"EntryPoint\",\"urlTemplate\":\"https:\\\/\\\/friebl.de\\\/WP\\\/wordpress2\\\/?s={search_term_string}\"},\"query-input\":{\"@type\":\"PropertyValueSpecification\",\"valueRequired\":true,\"valueName\":\"search_term_string\"}}],\"inLanguage\":\"de\"}]}<\/script>\n<!-- \/ Yoast SEO plugin. -->","yoast_head_json":{"title":"Impressum - Therapeutische Seelsorge Carola Friebl","description":"Impressum & Datenschutz Angaben gem\u00e4\u00df \u00a7 5 TMG und \u00a7 55 RStV:","robots":{"index":"index","follow":"follow","max-snippet":"max-snippet:-1","max-image-preview":"max-image-preview:large","max-video-preview":"max-video-preview:-1"},"canonical":"https:\/\/friebl.de\/WP\/wordpress2\/impressum\/","og_locale":"de_DE","og_type":"article","og_title":"Impressum - Therapeutische Seelsorge Carola Friebl","og_description":"Impressum & Datenschutz Angaben gem\u00e4\u00df \u00a7 5 TMG und \u00a7 55 RStV:","og_url":"https:\/\/friebl.de\/WP\/wordpress2\/impressum\/","og_site_name":"Therapeutische Seelsorge Carola Friebl","article_modified_time":"2020-08-04T21:51:53+00:00","og_image":[{"width":1042,"height":300,"url":"https:\/\/friebl.de\/WP\/wordpress2\/wp-content\/uploads\/2012\/01\/Logo-Praxis4.jpg","type":"image\/jpeg"}],"twitter_misc":{"Gesch\u00e4tzte Lesezeit":"6\u00a0Minuten"},"schema":{"@context":"https:\/\/schema.org","@graph":[{"@type":"WebPage","@id":"https:\/\/friebl.de\/WP\/wordpress2\/impressum\/","url":"https:\/\/friebl.de\/WP\/wordpress2\/impressum\/","name":"Impressum - Therapeutische Seelsorge Carola Friebl","isPartOf":{"@id":"https:\/\/friebl.de\/WP\/wordpress2\/#website"},"primaryImageOfPage":{"@id":"https:\/\/friebl.de\/WP\/wordpress2\/impressum\/#primaryimage"},"image":{"@id":"https:\/\/friebl.de\/WP\/wordpress2\/impressum\/#primaryimage"},"thumbnailUrl":"https:\/\/friebl.de\/WP\/wordpress2\/wp-content\/uploads\/2012\/01\/Logo-Praxis4.jpg","datePublished":"2011-12-28T18:35:17+00:00","dateModified":"2020-08-04T21:51:53+00:00","description":"Impressum & Datenschutz Angaben gem\u00e4\u00df \u00a7 5 TMG und \u00a7 55 RStV:","breadcrumb":{"@id":"https:\/\/friebl.de\/WP\/wordpress2\/impressum\/#breadcrumb"},"inLanguage":"de","potentialAction":[{"@type":"ReadAction","target":["https:\/\/friebl.de\/WP\/wordpress2\/impressum\/"]}]},{"@type":"ImageObject","inLanguage":"de","@id":"https:\/\/friebl.de\/WP\/wordpress2\/impressum\/#primaryimage","url":"https:\/\/friebl.de\/WP\/wordpress2\/wp-content\/uploads\/2012\/01\/Logo-Praxis4.jpg","contentUrl":"https:\/\/friebl.de\/WP\/wordpress2\/wp-content\/uploads\/2012\/01\/Logo-Praxis4.jpg","width":"1042","height":"300"},{"@type":"BreadcrumbList","@id":"https:\/\/friebl.de\/WP\/wordpress2\/impressum\/#breadcrumb","itemListElement":[{"@type":"ListItem","position":1,"name":"Home","item":"https:\/\/friebl.de\/WP\/wordpress2\/"},{"@type":"ListItem","position":2,"name":"Impressum"}]},{"@type":"WebSite","@id":"https:\/\/friebl.de\/WP\/wordpress2\/#website","url":"https:\/\/friebl.de\/WP\/wordpress2\/","name":"Therapeutische Seelsorge Carola Friebl","description":"Psychotherapeutische Privatpraxis nach dem Heilpraktikergesetz","potentialAction":[{"@type":"SearchAction","target":{"@type":"EntryPoint","urlTemplate":"https:\/\/friebl.de\/WP\/wordpress2\/?s={search_term_string}"},"query-input":{"@type":"PropertyValueSpecification","valueRequired":true,"valueName":"search_term_string"}}],"inLanguage":"de"}]}},"_links":{"self":[{"href":"https:\/\/friebl.de\/WP\/wordpress2\/wp-json\/wp\/v2\/pages\/45","targetHints":{"allow":["GET"]}}],"collection":[{"href":"https:\/\/friebl.de\/WP\/wordpress2\/wp-json\/wp\/v2\/pages"}],"about":[{"href":"https:\/\/friebl.de\/WP\/wordpress2\/wp-json\/wp\/v2\/types\/page"}],"author":[{"embeddable":true,"href":"https:\/\/friebl.de\/WP\/wordpress2\/wp-json\/wp\/v2\/users\/1"}],"replies":[{"embeddable":true,"href":"https:\/\/friebl.de\/WP\/wordpress2\/wp-json\/wp\/v2\/comments?post=45"}],"version-history":[{"count":89,"href":"https:\/\/friebl.de\/WP\/wordpress2\/wp-json\/wp\/v2\/pages\/45\/revisions"}],"predecessor-version":[{"id":2047,"href":"https:\/\/friebl.de\/WP\/wordpress2\/wp-json\/wp\/v2\/pages\/45\/revisions\/2047"}],"wp:featuredmedia":[{"embeddable":true,"href":"https:\/\/friebl.de\/WP\/wordpress2\/wp-json\/wp\/v2\/media\/291"}],"wp:attachment":[{"href":"https:\/\/friebl.de\/WP\/wordpress2\/wp-json\/wp\/v2\/media?parent=45"}],"curies":[{"name":"wp","href":"https:\/\/api.w.org\/{rel}","templated":true}]}}